{"id":97,"date":"2023-10-11T18:08:27","date_gmt":"2023-10-11T16:08:27","guid":{"rendered":"http:\/\/pascalfabien.fr\/?page_id=97"},"modified":"2026-04-17T08:23:58","modified_gmt":"2026-04-17T06:23:58","slug":"tarifs","status":"publish","type":"page","link":"http:\/\/pascalfabien.fr\/index.php\/tarifs\/","title":{"rendered":"Tarifs"},"content":{"rendered":"\n<p>S\u00e9ance photo Grossesse 250\u20ac <br>Un moment pour Maman et Papa<br>En studio ou \u00e0 votre domicile<br>Dur\u00e9e 1h30 environ, 10 photos en format num\u00e9rique Haute D\u00e9finition<br>Frais de d\u00e9placement selon distance.<br><br>S\u00e9ance photo Famille 350\u20ac <br>Un moment pour toute la famille<br>En studio ou \u00e0 votre domicile<br>Dur\u00e9e 1h30 environ, 15 photos en format num\u00e9rique Haute D\u00e9finition<br>Frais de d\u00e9placement selon distance.<\/p>\n\n\n\n<p>S\u00e9ance photo Portrait 200\u20ac <br>Un moment rien qu&#8217;\u00e0 vous pour vous faire plaisir, reprenez confiance en vous lors d&#8217;une s\u00e9ance. Que vous soyez mod\u00e8le ou pas.<br>En studio ou \u00e0 votre domicile<br>Dur\u00e9e 1h30 environ, 10 photos en format num\u00e9rique Haute D\u00e9finition<br>Frais de d\u00e9placement selon distance.<\/p>\n\n\n\n<p>Pour toutes autres demandes n&#8217;h\u00e9sitez pas \u00e0 me contacter : pascalfabien62@gmail.com<\/p>\n\n\n\n<p>Possibilit\u00e9 de Maquillage sp\u00e9cial &#8220;S\u00e9ance photo&#8221; avec notre Partenaire &#8221; La F\u00e9e R&#8217;Belle&#8221; \u00e0 Montr\u00e9jeau, devis sur demande.<\/p>\n\n\n\n<p><\/p>\n","protected":false},"excerpt":{"rendered":"<p>S\u00e9ance photo Grossesse 250\u20ac Un moment pour Maman et PapaEn studio ou \u00e0 votre domicileDur\u00e9e 1h30 environ, 10 photos en format num\u00e9rique Haute D\u00e9finitionFrais de d\u00e9placement selon distance. S\u00e9ance photo Famille 350\u20ac Un moment pour toute la familleEn studio ou \u00e0 votre domicileDur\u00e9e 1h30 environ, 15 photos en format num\u00e9rique Haute D\u00e9finitionFrais de d\u00e9placement selon &hellip; <\/p>\n<p class=\"link-more\"><a href=\"http:\/\/pascalfabien.fr\/index.php\/tarifs\/\" class=\"more-link\">Continue reading<span class=\"screen-reader-text\"> &#8220;Tarifs&#8221;<\/span><\/a><\/p>\n","protected":false},"author":1,"featured_media":0,"parent":0,"menu_order":0,"comment_status":"closed","ping_status":"closed","template":"","meta":{"footnotes":""},"class_list":["post-97","page","type-page","status-publish","hentry"],"_links":{"self":[{"href":"http:\/\/pascalfabien.fr\/index.php\/wp-json\/wp\/v2\/pages\/97","targetHints":{"allow":["GET"]}}],"collection":[{"href":"http:\/\/pascalfabien.fr\/index.php\/wp-json\/wp\/v2\/pages"}],"about":[{"href":"http:\/\/pascalfabien.fr\/index.php\/wp-json\/wp\/v2\/types\/page"}],"author":[{"embeddable":true,"href":"http:\/\/pascalfabien.fr\/index.php\/wp-json\/wp\/v2\/users\/1"}],"replies":[{"embeddable":true,"href":"http:\/\/pascalfabien.fr\/index.php\/wp-json\/wp\/v2\/comments?post=97"}],"version-history":[{"count":4,"href":"http:\/\/pascalfabien.fr\/index.php\/wp-json\/wp\/v2\/pages\/97\/revisions"}],"predecessor-version":[{"id":263,"href":"http:\/\/pascalfabien.fr\/index.php\/wp-json\/wp\/v2\/pages\/97\/revisions\/263"}],"wp:attachment":[{"href":"http:\/\/pascalfabien.fr\/index.php\/wp-json\/wp\/v2\/media?parent=97"}],"curies":[{"name":"wp","href":"https:\/\/api.w.org\/{rel}","templated":true}]}}